{"id":746,"date":"2023-06-14T21:58:17","date_gmt":"2023-06-14T19:58:17","guid":{"rendered":"https:\/\/www.dcia.it\/iffa\/index.php\/faqs-diploma-e-regolamento\/"},"modified":"2023-06-14T23:20:32","modified_gmt":"2023-06-14T21:20:32","slug":"faqs-diploma-e-regolamento","status":"publish","type":"page","link":"https:\/\/www.dcia.it\/iffa\/faqs-diploma-e-regolamento\/","title":{"rendered":"IFFA FAQs"},"content":{"rendered":"\n<p class=\"wp-block-paragraph\">Domande e Risposte sul Diploma e sul Regolamento.<\/p>\n\n\n<style type=\"text\/css\"><\/style><section id='' \n                class='helpie-faq accordions faq-toggle custom-styles groupSettings-18__enabled' \n                data-collection='' \n                data-pagination='0' \n                data-search='0' \n                data-pagination-enabled='0'\n                role='region'\n                aria-label='FAQ Section'\n                aria-live='polite'><h3 class=\"collection-title\">I.F.F.A. FAQs<\/h3><form class=\"search\" onSubmit=\"return false;\"><div class=\"search__wrapper\"><input type=\"text\" class=\"search__input\" aria-label=\"Search\" role=\"searchbox\" placeholder=\"Scrivi qui una parola da cercare\"><span class=\"search__icon\"><svg class=\"svg-icon--search\" role=\"img\" xmlns=\"http:\/\/www.w3.org\/2000\/svg\" viewBox=\"0 0 22 22\">\r\n                        <g fill=\"none\" stroke=\"#171717\">\r\n                            <path stroke-linecap=\"square\" stroke-width=\"2\" d=\"M18.5 18.3l-5.4-5.4\"\/>\r\n                            <circle cx=\"8\" cy=\"8\" r=\"7\" stroke-width=\"2\"\/>\r\n                        <\/g>\r\n                    <\/svg><\/span><\/div><div class=\"search__message\"><\/div><\/form><article class=\"accordion \"><div class='helpie-faq-row'><div class='helpie-faq-col helpie-faq-col-12' ><ul><li class=\"accordion__item \"><div class=\"accordion__header \" \r\n                id=\"accordion-header-post-759\"\r\n                role=\"button\"\r\n                aria-expanded=\"false\"\r\n                aria-controls=\"accordion-content-post-759\"\r\n                data-id=\"post-759\" \r\n                data-item=\"hfaq-post-759\" data-slug=\"cosa-inviare-per-la-richiesta-di-una-nuova-referenza\" \r\n                style=\"background:#81d742;\" \r\n                data-tags=\"\"\r\n                tabindex=\"0\"><div class=\"accordion__title\">Cosa inviare per la richiesta di una nuova referenza:<\/div><\/div><div id=\"accordion-content-post-759\" \r\n                class=\"accordion__body\" \r\n                role=\"region\"\r\n                aria-labelledby=\"accordion-header-post-759\"\r\n                style=\"background:#dfffbf;\"><p>Nel caso risulti mancante nell\u2019elenco una referenza scarica, compila ed invia il <strong><a href=\"https:\/\/www.dcia.it\/iffa\/wp-content\/uploads\/2023\/05\/modulo_nuove_referenze-iffa.doc\"><em>Modulo per la richiesta e per la modifica referenze<\/em><\/a> <\/strong>entro il 31 maggio e 30 novembre di ogni anno, al Responsabile Tecnico<strong> I1ASU <\/strong><a href=\"mailto:gianpiero.asselle@gmail.com\">gianpiero.asselle@gmail.com<\/a> e in copia iffa@dcia.it<\/p>\n<p>Precisamente necessita la seguente documentazione:<\/p>\n<ul>\n<li>a) <strong>modulo di richiesta<\/strong> debitamente compilato<\/li>\n<li>b) <strong>fotografie<\/strong> (al massimo 2)<\/li>\n<li>c) <strong>chiara documentazione<\/strong> da fonti tratte da libri, siti internet attendibili o da dichiarazioni dell\u2019Ente.<\/li>\n<li>d) <strong>file kmz <\/strong>della posizione della nuova referenza<\/li>\n<\/ul>\n<\/div><\/li><li class=\"accordion__item \"><div class=\"accordion__header \" \r\n                id=\"accordion-header-post-762\"\r\n                role=\"button\"\r\n                aria-expanded=\"false\"\r\n                aria-controls=\"accordion-content-post-762\"\r\n                data-id=\"post-762\" \r\n                data-item=\"hfaq-post-762\" data-slug=\"cosa-inviare-per-la-convalida-dellattivazione\" \r\n                style=\"background:#81d742;\" \r\n                data-tags=\"\"\r\n                tabindex=\"0\"><div class=\"accordion__title\">Cosa inviare per la convalida dell\u2019attivazione:<\/div><\/div><div id=\"accordion-content-post-762\" \r\n                class=\"accordion__body\" \r\n                role=\"region\"\r\n                aria-labelledby=\"accordion-header-post-762\"\r\n                style=\"background:#dfffbf;\"><p>Caricare nel portale https:\/\/www.diplomaradio.it\/\u00a0<strong>entro e non oltre 7 giorni dall\u2019attivazione<\/strong>, la seguente documentazione:<\/p>\n<ul>\n<li>a) Il\u00a0<strong>Log<\/strong>\u00a0esclusivamente nel formato\u00a0<strong>ADIF\u00a0<\/strong>e denominati come da seguente esempio:<\/li>\n<\/ul>\n<ul>\n<li style=\"list-style-type: none\">\n<ul>\n<li><strong>iff-0001_iq1bp_01.adi<\/strong>(per la 1\u00b0 attivazione della referenza)<\/li>\n<li><strong>iff-0001_iq1bp_02.adi<\/strong>(per la 2\u00b0 attivazione della referenza)<\/li>\n<li><strong>iff-0001_iq1bp_03.adi<\/strong> (per la 3\u00b0 attivazione della referenza)<\/li>\n<\/ul>\n<\/li>\n<\/ul>\n<p>La sintassi \u00e8 cos\u00ec formulata: \u201c<strong>IFF-0001 <\/strong>(IFF-Numero progressivo)\u201d<\/p>\n<ul>\n<li>b) Almeno\u00a0<strong>2 fotografie della referenza<\/strong>\u00a0in formato JPG di cui\u00a0<strong>n.1 geo-referenziata<\/strong>;<\/li>\n<li>c) Almeno\u00a0<strong>3 fotografie<\/strong>\u00a0comprovanti l\u2019attivazione di cui\u00a0<strong>n.2 geo-referenziate<\/strong>\u00a0(una all\u2019inizio ed una al termine);<\/li>\n<\/ul>\n<ul>\n<li style=\"list-style-type: none\">\n<ul>\n<li>le\u00a0<strong>fotografie<\/strong>(al massimo 10), chiare, nitide, senza personalizzazioni, devono ritrarre sia la referenza nella sua interezza che la stazione in portatile con auto ed antenna e sia l\u2019operatore nel momento della trasmissione che, se da solo, potr\u00e0 utilizzare l\u2019autoscatto e denominate nel seguente modo:<\/li>\n<li>ad esempio:\u00a0<strong>jpg<\/strong>,\u00a0<strong>cff0001_2.jpg,\u00a0ff0001_3.jpg<\/strong><\/li>\n<\/ul>\n<\/li>\n<\/ul>\n<p>Per i residenti necessitano le foto (possibilmente geo-referenziate) dello shack e delle antenne dell\u2019abitazione.<\/p>\n<ul>\n<li>d) Il <strong>modulo di richiesta accredito <\/strong>che deve<strong> essere generato <\/strong>tramite il portale https:\/\/www.diplomaradio.it<\/li>\n<li>e)\u00a0<strong>N.1 files kmz<\/strong>\u00a0generato dal programma <strong>Google Earth<\/strong> (secondo le istruzioni indicate nel presente FAQ), della postazione di trasmissione che sar\u00e0 necessario per determinare se effettivamente l\u2019operazione \u00e8 avvenuta all\u2019interno della referenza IFFA.<\/li>\n<li>f)\u00a0<strong>Breve filmato dell\u2019attivazione<\/strong>\u00a0in formato AVI, MOV, MP4, MPEG o altri comunemente utilizzati (NON obbligatorio)<\/li>\n<li>g) Eventuali permessi o autorizzazioni per l\u2019accesso alla referenza.<\/li>\n<\/ul>\n<p>I file kmz si estrapolano da Google Earth, un programma gratuito utilizzato oramai da chiunque abbia la necessit\u00e0 di visionare una localit\u00e0, https:\/\/www.google.com\/intl\/it\/earth\/versions\/\u00a0\u00a0 nel seguente modo:<\/p>\n<ol>\n<li>Una volta individuata la postazione di trasmissione, aggiungere il \u201csegnaposto\u201d (contrassegnato dal disegno di un punteruolo giallo), fissarlo con il <img loading=\"lazy\" decoding=\"async\" class=\"wp-image-47 alignright\" src=\"https:\/\/www.dcia.it\/iffa\/wp-content\/uploads\/2013\/01\/GoogleEarth-300x188.jpg\" alt=\"\" width=\"281\" height=\"176\" srcset=\"https:\/\/www.dcia.it\/iffa\/wp-content\/uploads\/2013\/01\/GoogleEarth-300x188.jpg 300w, https:\/\/www.dcia.it\/iffa\/wp-content\/uploads\/2013\/01\/GoogleEarth-1024x640.jpg 1024w, https:\/\/www.dcia.it\/iffa\/wp-content\/uploads\/2013\/01\/GoogleEarth-768x480.jpg 768w, https:\/\/www.dcia.it\/iffa\/wp-content\/uploads\/2013\/01\/GoogleEarth.jpg 1440w\" sizes=\"auto, (max-width: 281px) 100vw, 281px\" \/>mouse, scrivere nel campo nome \u201cpostazione IFF-0001\u201d e dare OK.<\/li>\n<li>Ora fare clic di destra sul puntatore e scegliere \u201csalva luogo con nome\u2026\u201d scrivere il nome della referenza, scegliere la cartella e confermare con Salva.<\/li>\n<\/ol>\n<\/div><\/li><li class=\"accordion__item \"><div class=\"accordion__header \" \r\n                id=\"accordion-header-post-764\"\r\n                role=\"button\"\r\n                aria-expanded=\"false\"\r\n                aria-controls=\"accordion-content-post-764\"\r\n                data-id=\"post-764\" \r\n                data-item=\"hfaq-post-764\" data-slug=\"quanti-qsos-devo-effettuare-per-rendere-la-mia-attivazione-new-one-valida\" \r\n                style=\"background:#81d742;\" \r\n                data-tags=\"\"\r\n                tabindex=\"0\"><div class=\"accordion__title\">Quanti QSOs devo effettuare per rendere la mia attivazione \u201cnew one\u201d valida?<\/div><\/div><div id=\"accordion-content-post-764\" \r\n                class=\"accordion__body\" \r\n                role=\"region\"\r\n                aria-labelledby=\"accordion-header-post-764\"\r\n                style=\"background:#dfffbf;\"><ul>\n<li>almeno 50 nelle bande HF e della durata superiore per ogni attivazione <strong>superiore a 30 minuti<\/strong><\/li>\n<li>almeno 15 nelle bande VHF (144Mhz e 50Mhz)<\/li>\n<\/ul>\n<\/div><\/li><li class=\"accordion__item \"><div class=\"accordion__header \" \r\n                id=\"accordion-header-post-765\"\r\n                role=\"button\"\r\n                aria-expanded=\"false\"\r\n                aria-controls=\"accordion-content-post-765\"\r\n                data-id=\"post-765\" \r\n                data-item=\"hfaq-post-765\" data-slug=\"nel-caso-in-cui-attivo-una-referenza-gia-convalidata-da-un-altro-om-quanti-qsos-necessitano-per-rendere-la-mia-operazione-valida\" \r\n                style=\"background:#81d742;\" \r\n                data-tags=\"\"\r\n                tabindex=\"0\"><div class=\"accordion__title\">Nel caso in cui attivo una referenza gi\u00e0 convalidata da un altro OM, quanti QSOs necessitano per rendere la mia operazione valida?<\/div><\/div><div id=\"accordion-content-post-765\" \r\n                class=\"accordion__body\" \r\n                role=\"region\"\r\n                aria-labelledby=\"accordion-header-post-765\"\r\n                style=\"background:#dfffbf;\"><ul>\n<li>almeno 50 nelle bande HF e della durata superiore per ogni attivazione <strong>superiore a 30 minuti<\/strong><\/li>\n<li>almeno 15 nelle bande VHF (144Mhz e 50Mhz)<\/li>\n<\/ul>\n<\/div><\/li><li class=\"accordion__item \"><div class=\"accordion__header \" \r\n                id=\"accordion-header-post-766\"\r\n                role=\"button\"\r\n                aria-expanded=\"false\"\r\n                aria-controls=\"accordion-content-post-766\"\r\n                data-id=\"post-766\" \r\n                data-item=\"hfaq-post-766\" data-slug=\"quante-attivazioni-posso-effettuare-in-un-giorno\" \r\n                style=\"background:#81d742;\" \r\n                data-tags=\"\"\r\n                tabindex=\"0\"><div class=\"accordion__title\">Quante attivazioni posso effettuare in un giorno?<\/div><\/div><div id=\"accordion-content-post-766\" \r\n                class=\"accordion__body\" \r\n                role=\"region\"\r\n                aria-labelledby=\"accordion-header-post-766\"\r\n                style=\"background:#dfffbf;\"><ul>\n<li>Non \u00e8 possibile attivare pi\u00f9 di 1 referenza contemporaneamente. La durata di ogni attivazione deve essere superiore a 30 minuti e, oltre alla banda dei 40 metri, deve essere utilizzata obbligatoriamente la banda dei 20 metri.<\/li>\n<\/ul>\n<\/div><\/li><li class=\"accordion__item \"><div class=\"accordion__header \" \r\n                id=\"accordion-header-post-767\"\r\n                role=\"button\"\r\n                aria-expanded=\"false\"\r\n                aria-controls=\"accordion-content-post-767\"\r\n                data-id=\"post-767\" \r\n                data-item=\"hfaq-post-767\" data-slug=\"siamo-un-gruppo-di-radioamatori-che-nella-stessa-giornata-vuole-attivare-una-referenza-con-piu-nominativi-come-ci-si-comporta\" \r\n                style=\"background:#81d742;\" \r\n                data-tags=\"\"\r\n                tabindex=\"0\"><div class=\"accordion__title\">Siamo un gruppo di radioamatori che nella stessa giornata vuole attivare una referenza con pi\u00f9 nominativi, come ci si comporta?<\/div><\/div><div id=\"accordion-content-post-767\" \r\n                class=\"accordion__body\" \r\n                role=\"region\"\r\n                aria-labelledby=\"accordion-header-post-767\"\r\n                style=\"background:#dfffbf;\"><ul>\n<li>Nel caso di attivazioni (nella stessa giornata) cui partecipa pi\u00f9 di un operatore con l\u2019indicativo personale, la referenza sar\u00e0 accreditata: <strong>al 1\u00b0 nominativo<\/strong> (<strong>50 QSOs<\/strong> sia per la prima attivazione che per referenza gi\u00e0 convalidata, utilizzando obbligatoriamente anche i 20 metri o altra banda);<\/li>\n<li><strong>dal 2\u00b0 nominativo<\/strong> in poi, per ottenere l\u2019accredito, si dovranno effettuare ulteriori altri <strong>20 QSOs <\/strong>con il proprio nominativo, senza limite di tempo;<\/li>\n<\/ul>\n<\/div><\/li><li class=\"accordion__item \"><div class=\"accordion__header \" \r\n                id=\"accordion-header-post-768\"\r\n                role=\"button\"\r\n                aria-expanded=\"false\"\r\n                aria-controls=\"accordion-content-post-768\"\r\n                data-id=\"post-768\" \r\n                data-item=\"hfaq-post-768\" data-slug=\"nel-caso-in-cui-partecipo-ad-una-attivazione-multi-operatore-che-usa-il-nominativo-di-sezione-radio-club-o-speciale-ad-esempio-iq1bp-p-posso-considerare-valida-lattivazione-ai-fini-della-richie\" \r\n                style=\"background:#81d742;\" \r\n                data-tags=\"\"\r\n                tabindex=\"0\"><div class=\"accordion__title\">Nel caso in cui partecipo ad una attivazione multi-operatore (che usa il nominativo di Sezione, Radio Club o Speciale, ad esempio IQ1BP\/P), posso considerare valida l'attivazione ai fini della richiesta del Diploma come attivatore anche per me stesso?<\/div><\/div><div id=\"accordion-content-post-768\" \r\n                class=\"accordion__body\" \r\n                role=\"region\"\r\n                aria-labelledby=\"accordion-header-post-768\"\r\n                style=\"background:#dfffbf;\"><ul>\n<li>I componenti del team possono in ogni caso accreditarsi l\u2019attivit\u00e0 ai fini del proprio punteggio del Diploma IFFA e partecipare alla classifica Hunter inserendo il proprio nominativo nel log di stazione.<\/li>\n<li>Nel caso di attivazioni con l\u2019utilizzo di un <strong>nominativo di Sezione, Radio Club o Speciale<\/strong>, la referenza sar\u00e0 accreditata sia al titolare che a tutti i nominativi degli operatori che vi hanno partecipato, al raggiungimento di 50 QSOs in almeno due bande.<\/li>\n<\/ul>\n<\/div><\/li><li class=\"accordion__item \"><div class=\"accordion__header \" \r\n                id=\"accordion-header-post-769\"\r\n                role=\"button\"\r\n                aria-expanded=\"false\"\r\n                aria-controls=\"accordion-content-post-769\"\r\n                data-id=\"post-769\" \r\n                data-item=\"hfaq-post-769\" data-slug=\"non-ho-raggiunto-il-quorum-di-qsos-richiesti-cosa-posso-fare\" \r\n                style=\"background:#81d742;\" \r\n                data-tags=\"\"\r\n                tabindex=\"0\"><div class=\"accordion__title\">Non ho raggiunto il quorum di QSOs richiesti, cosa posso fare?<\/div><\/div><div id=\"accordion-content-post-769\" \r\n                class=\"accordion__body\" \r\n                role=\"region\"\r\n                aria-labelledby=\"accordion-header-post-769\"\r\n                style=\"background:#dfffbf;\"><ul>\n<li>Non \u00e8 assolutamente obbligatorio raggiungere il quorum di QSO in un\u2019unica attivazione.<\/li>\n<li>Puoi ritornare sul posto quante volte vuoi e continuare a contattare altri OM sino al raggiungimento del quorum (i QSOs effettuati con lo stesso OM e nel medesimo modo e banda non devono essere considerati, poich\u00e9 doppi).<\/li>\n<li>Ad ogni modo se lasci una referenza in sospeso e ritieni di non poterla pi\u00f9 completare o ti serve <strong>un lasso di tempo superiore ai 15 giorni<\/strong>, devi avvisare immediatamente l\u2019Award Manager.<\/li>\n<\/ul>\n<\/div><\/li><li class=\"accordion__item \"><div class=\"accordion__header \" \r\n                id=\"accordion-header-post-770\"\r\n                role=\"button\"\r\n                aria-expanded=\"false\"\r\n                aria-controls=\"accordion-content-post-770\"\r\n                data-id=\"post-770\" \r\n                data-item=\"hfaq-post-770\" data-slug=\"in-unattivazione-ci-sono-norme-particolari-circa-le-bande-hf-da-utilizzare\" \r\n                style=\"background:#81d742;\" \r\n                data-tags=\"\"\r\n                tabindex=\"0\"><div class=\"accordion__title\">In un\u2019attivazione ci sono norme particolari circa le bande HF da utilizzare?<\/div><\/div><div id=\"accordion-content-post-770\" \r\n                class=\"accordion__body\" \r\n                role=\"region\"\r\n                aria-labelledby=\"accordion-header-post-770\"\r\n                style=\"background:#dfffbf;\"><ul>\n<li>L\u2019operatore dovr\u00e0 eseguire l&#8217;attivazione su almeno due bande, obbligatoriamente i 40 ed i 20 metri.<\/li>\n<li>I 20 metri saranno da scartare solo e unicamente in caso di propagazione completamente chiusa indicandolo nel modulo di richiesta convalida.<\/li>\n<\/ul>\n<\/div><\/li><li class=\"accordion__item \"><div class=\"accordion__header \" \r\n                id=\"accordion-header-post-771\"\r\n                role=\"button\"\r\n                aria-expanded=\"false\"\r\n                aria-controls=\"accordion-content-post-771\"\r\n                data-id=\"post-771\" \r\n                data-item=\"hfaq-post-771\" data-slug=\"ho-riscontrato-delle-difficolta-a-raggiungere-il-quorum-in-vhf-144-e-50-mhz-e-possibile-abbassare-il-limite-dei-30-collegamenti\" \r\n                style=\"background:#81d742;\" \r\n                data-tags=\"\"\r\n                tabindex=\"0\"><div class=\"accordion__title\">Ho riscontrato delle difficolt\u00e0 a raggiungere il quorum in VHF (144 e 50 Mhz), \u00e8 possibile abbassare il limite dei 30 collegamenti?<\/div><\/div><div id=\"accordion-content-post-771\" \r\n                class=\"accordion__body\" \r\n                role=\"region\"\r\n                aria-labelledby=\"accordion-header-post-771\"\r\n                style=\"background:#dfffbf;\"><ul>\n<li>Purtroppo non \u00e8 possibile. Si consiglia di annunciare le attivit\u00e0 in queste gamme con un certo anticipo.<\/li>\n<\/ul>\n<\/div><\/li><li class=\"accordion__item \"><div class=\"accordion__header \" \r\n                id=\"accordion-header-post-772\"\r\n                role=\"button\"\r\n                aria-expanded=\"false\"\r\n                aria-controls=\"accordion-content-post-772\"\r\n                data-id=\"post-772\" \r\n                data-item=\"hfaq-post-772\" data-slug=\"a-quale-distanza-posso-trasmettere-dalla-referenza\" \r\n                style=\"background:#81d742;\" \r\n                data-tags=\"\"\r\n                tabindex=\"0\"><div class=\"accordion__title\">A quale distanza posso trasmettere dalla referenza?<\/div><\/div><div id=\"accordion-content-post-772\" \r\n                class=\"accordion__body\" \r\n                role=\"region\"\r\n                aria-labelledby=\"accordion-header-post-772\"\r\n                style=\"background:#dfffbf;\"><ul>\n<li>La stazione radio (compresa l\u2019antenna e l\u2019alimentazione) dovr\u00e0 essere ubicata <strong>dentro il perimetro <\/strong>della referenza, consultabile al sito https:\/\/www.diplomaradio.it.<\/li>\n<\/ul>\n<\/div><\/li><li class=\"accordion__item \"><div class=\"accordion__header \" \r\n                id=\"accordion-header-post-773\"\r\n                role=\"button\"\r\n                aria-expanded=\"false\"\r\n                aria-controls=\"accordion-content-post-773\"\r\n                data-id=\"post-773\" \r\n                data-item=\"hfaq-post-773\" data-slug=\"la-mia-abitazione-dista-251-metri-dalla-flora-fauna-posso-trasmettere-come-stazione-valida-ai-fini-del-diploma-iffa\" \r\n                style=\"background:#81d742;\" \r\n                data-tags=\"\"\r\n                tabindex=\"0\"><div class=\"accordion__title\">La mia abitazione dista 251 metri dalla Flora Fauna, posso trasmettere come stazione valida ai fini del Diploma IFFA?<\/div><\/div><div id=\"accordion-content-post-773\" \r\n                class=\"accordion__body\" \r\n                role=\"region\"\r\n                aria-labelledby=\"accordion-header-post-773\"\r\n                style=\"background:#dfffbf;\"><ul>\n<li>Assolutamente NO.<\/li>\n<li>La stazione radio (compresa l\u2019antenna e l\u2019alimentazione) dovr\u00e0 essere ubicata <strong>dentro il perimetro <\/strong>della referenza, consultabile al sito https:\/\/www.diplomaradio.it.<\/li>\n<li>Per i residenti necessitano le foto (possibilmente geo-referenziate) dello shack e delle antenne dell\u2019abitazione, oltre al file .kmz<\/li>\n<\/ul>\n<\/div><\/li><li class=\"accordion__item \"><div class=\"accordion__header \" \r\n                id=\"accordion-header-post-774\"\r\n                role=\"button\"\r\n                aria-expanded=\"false\"\r\n                aria-controls=\"accordion-content-post-774\"\r\n                data-id=\"post-774\" \r\n                data-item=\"hfaq-post-774\" data-slug=\"per-attivare-una-referenza-necessita-unautorizzazione\" \r\n                style=\"background:#81d742;\" \r\n                data-tags=\"\"\r\n                tabindex=\"0\"><div class=\"accordion__title\">Per attivare una referenza necessita un\u2019autorizzazione?<\/div><\/div><div id=\"accordion-content-post-774\" \r\n                class=\"accordion__body\" \r\n                role=\"region\"\r\n                aria-labelledby=\"accordion-header-post-774\"\r\n                style=\"background:#dfffbf;\"><ul>\n<li>No, dal punto di vista di attivit\u00e0 radio, non necessita alcuna particolare autorizzazione da parte della Sezione A.R.I. di Mondov\u00ec, magari \u00e8 da richiedere al Comune o ai proprietari del terreno per potervi accedere.<\/li>\n<\/ul>\n<\/div><\/li><li class=\"accordion__item \"><div class=\"accordion__header \" \r\n                id=\"accordion-header-post-775\"\r\n                role=\"button\"\r\n                aria-expanded=\"false\"\r\n                aria-controls=\"accordion-content-post-775\"\r\n                data-id=\"post-775\" \r\n                data-item=\"hfaq-post-775\" data-slug=\"vi-e-qualche-formalita-particolare-nellattivare-una-referenza-appena-censita\" \r\n                style=\"background:#81d742;\" \r\n                data-tags=\"\"\r\n                tabindex=\"0\"><div class=\"accordion__title\">Vi \u00e8 qualche formalit\u00e0 particolare nell\u2019attivare una referenza appena censita?<\/div><\/div><div id=\"accordion-content-post-775\" \r\n                class=\"accordion__body\" \r\n                role=\"region\"\r\n                aria-labelledby=\"accordion-header-post-775\"\r\n                style=\"background:#dfffbf;\"><ul>\n<li>Il<strong> tempo <\/strong>fissato per la<strong> paternit\u00e0 delle nuove referenze <\/strong>\u00e8 di<strong> 15 giorni <\/strong>dalla data dell\u2019ufficializzazione<strong>.<\/strong><\/li>\n<li>Il non attivare le nuove referenze censite da altri deve costituire un &#8220;Gentleman Agreement&#8221; pi\u00f9 che una regola.<\/li>\n<\/ul>\n<\/div><\/li><li class=\"accordion__item \"><div class=\"accordion__header \" \r\n                id=\"accordion-header-post-776\"\r\n                role=\"button\"\r\n                aria-expanded=\"false\"\r\n                aria-controls=\"accordion-content-post-776\"\r\n                data-id=\"post-776\" \r\n                data-item=\"hfaq-post-776\" data-slug=\"devo-comunicare-anticipatamente-la-mia-attivazione\" \r\n                style=\"background:#81d742;\" \r\n                data-tags=\"\"\r\n                tabindex=\"0\"><div class=\"accordion__title\">Devo comunicare anticipatamente la mia attivazione?<\/div><\/div><div id=\"accordion-content-post-776\" \r\n                class=\"accordion__body\" \r\n                role=\"region\"\r\n                aria-labelledby=\"accordion-header-post-776\"\r\n                style=\"background:#dfffbf;\"><ul>\n<li>\u00c8 necessario.<\/li>\n<li>La segnalazione della attivit\u00e0 \u00e8 necessaria in quanto, annunciandola sul portale ufficiale https:\/\/www.diplomaradio.it, permette di divulgare automaticamente la notizia tramite la mailing-list <strong>dci-iffa_news-group@googlegroups.com<\/strong>.<\/li>\n<\/ul>\n<\/div><\/li><li class=\"accordion__item \"><div class=\"accordion__header \" \r\n                id=\"accordion-header-post-777\"\r\n                role=\"button\"\r\n                aria-expanded=\"false\"\r\n                aria-controls=\"accordion-content-post-777\"\r\n                data-id=\"post-777\" \r\n                data-item=\"hfaq-post-777\" data-slug=\"linvio-dei-log-e-sempre-obbligatorio\" \r\n                style=\"background:#81d742;\" \r\n                data-tags=\"\"\r\n                tabindex=\"0\"><div class=\"accordion__title\">L'invio dei log \u00e8 sempre obbligatorio?<\/div><\/div><div id=\"accordion-content-post-777\" \r\n                class=\"accordion__body\" \r\n                role=\"region\"\r\n                aria-labelledby=\"accordion-header-post-777\"\r\n                style=\"background:#dfffbf;\"><ul>\n<li>L\u2019invio dei logs, a convalida avvenuta dei primi 50 QSOs, \u00e8 sempre obbligatorio, soprattutto per permettere agli Hunters l\u2019accredito automatico.<\/li>\n<\/ul>\n<\/div><\/li><li class=\"accordion__item \"><div class=\"accordion__header \" \r\n                id=\"accordion-header-post-778\"\r\n                role=\"button\"\r\n                aria-expanded=\"false\"\r\n                aria-controls=\"accordion-content-post-778\"\r\n                data-id=\"post-778\" \r\n                data-item=\"hfaq-post-778\" data-slug=\"in-quale-formato-devo-inviare-il-log\" \r\n                style=\"background:#81d742;\" \r\n                data-tags=\"\"\r\n                tabindex=\"0\"><div class=\"accordion__title\">In quale formato devo inviare il Log?<\/div><\/div><div id=\"accordion-content-post-778\" \r\n                class=\"accordion__body\" \r\n                role=\"region\"\r\n                aria-labelledby=\"accordion-header-post-778\"\r\n                style=\"background:#dfffbf;\"><ul>\n<li>Il log deve essere inviato solo ed esclusivamente nel formato <strong>ADIF <\/strong>e correttamente denominato.<\/li>\n<\/ul>\n<\/div><\/li><li class=\"accordion__item \"><div class=\"accordion__header \" \r\n                id=\"accordion-header-post-779\"\r\n                role=\"button\"\r\n                aria-expanded=\"false\"\r\n                aria-controls=\"accordion-content-post-779\"\r\n                data-id=\"post-779\" \r\n                data-item=\"hfaq-post-779\" data-slug=\"nel-caso-in-cui-torno-ad-attivare-una-referenza-a-me-in-precedenza-gia-convalidata-devo-produrre-nuovamente-documentazione-fotografica\" \r\n                style=\"background:#81d742;\" \r\n                data-tags=\"\"\r\n                tabindex=\"0\"><div class=\"accordion__title\">Nel caso in cui torno ad attivare una referenza a me in precedenza gi\u00e0 convalidata, devo produrre nuovamente documentazione fotografica?<\/div><\/div><div id=\"accordion-content-post-779\" \r\n                class=\"accordion__body\" \r\n                role=\"region\"\r\n                aria-labelledby=\"accordion-header-post-779\"\r\n                style=\"background:#dfffbf;\"><ul>\n<li>Si, tutta la documentazione deve essere inviata come se fosse una prima attivazione.<\/li>\n<li>Con l\u2019obbligo di effettuare almeno 50 QSOs, durata non inferiore a 30 minuti e l\u2019utilizzo obbligatorio dei 40m e 20m.<\/li>\n<li>Per le riattivazioni utilizzanti nominativi di Sezione e\/o Speciali, il numero dei QSOs effettuati non dovr\u00e0 essere inferiore a 50.<\/li>\n<\/ul>\n<\/div><\/li><li class=\"accordion__item \"><div class=\"accordion__header \" \r\n                id=\"accordion-header-post-798\"\r\n                role=\"button\"\r\n                aria-expanded=\"false\"\r\n                aria-controls=\"accordion-content-post-798\"\r\n                data-id=\"post-798\" \r\n                data-item=\"hfaq-post-798\" data-slug=\"nel-caso-in-cui-un-operatore-debba-tornare-ad-attivare-una-referenza-non-ancora-convalidata-come-si-deve-comportare\" \r\n                style=\"background:#81d742;\" \r\n                data-tags=\"\"\r\n                tabindex=\"0\"><div class=\"accordion__title\">Nel caso in cui un operatore debba tornare ad attivare una referenza non ancora convalidata, come si deve comportare?<\/div><\/div><div id=\"accordion-content-post-798\" \r\n                class=\"accordion__body\" \r\n                role=\"region\"\r\n                aria-labelledby=\"accordion-header-post-798\"\r\n                style=\"background:#dfffbf;\"><ul>\n<li>Nel caso in cui un nuovo operatore trasmetta da una referenza gi\u00e0 attivata ma non convalidata, \u00e8 obbligato a partire da zero, ossia dovr\u00e0 conseguire i 50 QSOs.<\/li>\n<li>Nel caso in cui sia lo stesso operatore che torna sul\u00a0campo, sar\u00e0 sufficiente continuare il proprio log dal numero di QSO\u00a0a cui era rimasto la volta prima (prestando attenzione a non effettuare QSOs doppi).<\/li>\n<\/ul>\n<\/div><\/li><li class=\"accordion__item \"><div class=\"accordion__header \" \r\n                id=\"accordion-header-post-799\"\r\n                role=\"button\"\r\n                aria-expanded=\"false\"\r\n                aria-controls=\"accordion-content-post-799\"\r\n                data-id=\"post-799\" \r\n                data-item=\"hfaq-post-799\" data-slug=\"sono-residente-nella-referenza-posso-passare-la-referenza-iffa-anche-se-non-partecipo-al-diploma\" \r\n                style=\"background:#81d742;\" \r\n                data-tags=\"\"\r\n                tabindex=\"0\"><div class=\"accordion__title\">Sono residente nella referenza, posso passare la referenza IFFA anche se NON partecipo al diploma?<\/div><\/div><div id=\"accordion-content-post-799\" \r\n                class=\"accordion__body\" \r\n                role=\"region\"\r\n                aria-labelledby=\"accordion-header-post-799\"\r\n                style=\"background:#dfffbf;\"><ul>\n<li>No, per la convalida della referenza IFFA \u00e8 necessario, durante l\u2019attivazione, comunicare il numero e il nome della referenza da cui si trasmette per dare la possibilit\u00e0 a tutti di partecipare al programma I.F.F.A.<\/li>\n<\/ul>\n<\/div><\/li><li class=\"accordion__item \"><div class=\"accordion__header \" \r\n                id=\"accordion-header-post-800\"\r\n                role=\"button\"\r\n                aria-expanded=\"false\"\r\n                aria-controls=\"accordion-content-post-800\"\r\n                data-id=\"post-800\" \r\n                data-item=\"hfaq-post-800\" data-slug=\"sono-residente-qualunque-qso-effettuato-e-sempre-valido-per-il-iffa\" \r\n                style=\"background:#81d742;\" \r\n                data-tags=\"\"\r\n                tabindex=\"0\"><div class=\"accordion__title\">Sono residente, qualunque QSO effettuato \u00e8 sempre valido per il IFFA?<\/div><\/div><div id=\"accordion-content-post-800\" \r\n                class=\"accordion__body\" \r\n                role=\"region\"\r\n                aria-labelledby=\"accordion-header-post-800\"\r\n                style=\"background:#dfffbf;\"><ul>\n<li>Dichiarare il numero di referenza \u00e8 buona norma a completamento delle informazioni e i QSOs effettuati da stazione fissa valgono sempre per l\u2019IFFA; rimane sempre l\u2019obbligo di inviare il log.<\/li>\n<li>Per la medesima ragione sulla QSL deve essere stampata la referenza.<\/li>\n<\/ul>\n<\/div><\/li><li class=\"accordion__item \"><div class=\"accordion__header \" \r\n                id=\"accordion-header-post-801\"\r\n                role=\"button\"\r\n                aria-expanded=\"false\"\r\n                aria-controls=\"accordion-content-post-801\"\r\n                data-id=\"post-801\" \r\n                data-item=\"hfaq-post-801\" data-slug=\"ho-trovato-una-referenza-non-referenziata-posso-attivarla\" \r\n                style=\"background:#81d742;\" \r\n                data-tags=\"\"\r\n                tabindex=\"0\"><div class=\"accordion__title\">Ho trovato una referenza non referenziata, posso attivarla?<\/div><\/div><div id=\"accordion-content-post-801\" \r\n                class=\"accordion__body\" \r\n                role=\"region\"\r\n                aria-labelledby=\"accordion-header-post-801\"\r\n                style=\"background:#dfffbf;\"><ul>\n<li>No, occorre:<\/li>\n<li>accertarsi dalla lista delle Flore Faune che sia veramente NON censita;<\/li>\n<li>compilare il modulo di richiesta nuova referenza in ogni sua parte;<\/li>\n<li>seguire le istruzioni indicate nel documento.<\/li>\n<\/ul>\n<\/div><\/li><li class=\"accordion__item \"><div class=\"accordion__header \" \r\n                id=\"accordion-header-post-802\"\r\n                role=\"button\"\r\n                aria-expanded=\"false\"\r\n                aria-controls=\"accordion-content-post-802\"\r\n                data-id=\"post-802\" \r\n                data-item=\"hfaq-post-802\" data-slug=\"quale-requisito-deve-avere-una-referenza-per-essere-censita\" \r\n                style=\"background:#81d742;\" \r\n                data-tags=\"\"\r\n                tabindex=\"0\"><div class=\"accordion__title\">Quale requisito deve avere una referenza per essere censita?<\/div><\/div><div id=\"accordion-content-post-802\" \r\n                class=\"accordion__body\" \r\n                role=\"region\"\r\n                aria-labelledby=\"accordion-header-post-802\"\r\n                style=\"background:#dfffbf;\"><ul>\n<li><strong>Definizione di Flora Fauna. <\/strong>Possono essere censite le seguenti tipologie:\n<ul>\n<li>Parchi Nazionali, Parchi Naturali Regionali, Riserve Naturali e Regionali, Oasi, Natura 2000, Aree Naturali Protetti di Interesse Locale o Provinciale, Biotopi, Monumenti Naturali ed Alberi Monumentali (Decreto Dipartimentale Prot. N. 5450 del 19\/12\/2017).<\/li>\n<li>Non saranno valide le Aree Marine Protette in quando escludono qualsivoglia porzione di terreno.<\/li>\n<\/ul>\n<\/li>\n<\/ul>\n<\/div><\/li><li class=\"accordion__item \"><div class=\"accordion__header \" \r\n                id=\"accordion-header-post-803\"\r\n                role=\"button\"\r\n                aria-expanded=\"false\"\r\n                aria-controls=\"accordion-content-post-803\"\r\n                data-id=\"post-803\" \r\n                data-item=\"hfaq-post-803\" data-slug=\"qual-e-il-criterio-di-valutazione-seguito-per-il-censimento-di-nuove-referenze\" \r\n                style=\"background:#81d742;\" \r\n                data-tags=\"\"\r\n                tabindex=\"0\"><div class=\"accordion__title\">Qual \u00e8 il criterio di valutazione seguito per il censimento di nuove referenze?<\/div><\/div><div id=\"accordion-content-post-803\" \r\n                class=\"accordion__body\" \r\n                role=\"region\"\r\n                aria-labelledby=\"accordion-header-post-803\"\r\n                style=\"background:#dfffbf;\"><p>Saranno prese in considerazione solo le referenze censite dai seguenti siti:<\/p>\n<ul>\n<li>Il portale dei Parchi Italiani https:\/\/www.parks.it<\/li>\n<li>Rete Natura 2000 (SIC, ZSC e ZPS in Italia) https:\/\/www.mase.gov.it\/pagina\/sic-zsc-e-zps-italia<\/li>\n<li>Discover the world\u2019s protected and conserved areas https:\/\/www.protectedplanet.net\/<\/li>\n<\/ul>\n<p style=\"padding-left: 40px\"><em>Nel box di ricerca, in alto a sinistra \u00a0si digita il nome dell\u2019area protetta; aperta la pagina relativa alla referenza desiderata, si pu\u00f2 vedere il perimetro della stessa con il relativo codice identificativo, in questo caso: WDPA ID 555529428.<\/em><\/p>\n<p style=\"padding-left: 40px\"><em>Deve essere compilato il modulo di richiesta in tutte le sue parti e, nella sezione \u201cAltri commenti\u201d, dovranno essere inseriti sia il codice SIC IT9150029 che il WDPA ID 555529428.<\/em><\/p>\n<\/div><\/li><li class=\"accordion__item \"><div class=\"accordion__header \" \r\n                id=\"accordion-header-post-804\"\r\n                role=\"button\"\r\n                aria-expanded=\"false\"\r\n                aria-controls=\"accordion-content-post-804\"\r\n                data-id=\"post-804\" \r\n                data-item=\"hfaq-post-804\" data-slug=\"ho-constatato-che-una-referenza-censita-non-esiste-piu-o-ha-cambiato-nome-cosa-devo-fare-per-segnalarlo\" \r\n                style=\"background:#81d742;\" \r\n                data-tags=\"\"\r\n                tabindex=\"0\"><div class=\"accordion__title\">Ho constatato che una referenza censita non esiste pi\u00f9, o ha cambiato nome, cosa devo fare per segnalarlo?<\/div><\/div><div id=\"accordion-content-post-804\" \r\n                class=\"accordion__body\" \r\n                role=\"region\"\r\n                aria-labelledby=\"accordion-header-post-804\"\r\n                style=\"background:#dfffbf;\"><ul>\n<li>Devi compilare l\u2019apposito modulo disponibile al sito https:\/\/www.dcia.it\/iffa<\/li>\n<\/ul>\n<\/div><\/li><li class=\"accordion__item \"><div class=\"accordion__header \" \r\n                id=\"accordion-header-post-805\"\r\n                role=\"button\"\r\n                aria-expanded=\"false\"\r\n                aria-controls=\"accordion-content-post-805\"\r\n                data-id=\"post-805\" \r\n                data-item=\"hfaq-post-805\" data-slug=\"dove-trovo-la-modulistica-necessaria-per-fare-censire-o-cancellare-una-referenza-per-richiedere-il-diploma-per-richiedere-una-convalida-dove-posso-prendere-visione-del-regolamento\" \r\n                style=\"background:#81d742;\" \r\n                data-tags=\"\"\r\n                tabindex=\"0\"><div class=\"accordion__title\">Dove trovo la modulistica necessaria per fare censire o cancellare una referenza, per richiedere il Diploma, per richiedere una convalida, dove posso prendere visione del Regolamento?<\/div><\/div><div id=\"accordion-content-post-805\" \r\n                class=\"accordion__body\" \r\n                role=\"region\"\r\n                aria-labelledby=\"accordion-header-post-805\"\r\n                style=\"background:#dfffbf;\"><ul>\n<li>Tutto quello che ti occorre \u00e8 disponibile sul sito https:\/\/www.dcia.it\/iffa, nell\u2019area dedicata \u201cHome\u201d nella parte \u201c<strong>Moduli Richieste\u201d<\/strong>.<\/li>\n<\/ul>\n<\/div><\/li><li class=\"accordion__item \"><div class=\"accordion__header \" \r\n                id=\"accordion-header-post-806\"\r\n                role=\"button\"\r\n                aria-expanded=\"false\"\r\n                aria-controls=\"accordion-content-post-806\"\r\n                data-id=\"post-806\" \r\n                data-item=\"hfaq-post-806\" data-slug=\"i-qsos-da-me-fatti-in-portatile-con-altri-om-attivatori-iffa-sono-validi-per-il-mio-punteggio-personale\" \r\n                style=\"background:#81d742;\" \r\n                data-tags=\"\"\r\n                tabindex=\"0\"><div class=\"accordion__title\">I QSOs da me fatti in portatile con altri OM attivatori IFFA sono validi per il mio punteggio personale?<\/div><\/div><div id=\"accordion-content-post-806\" \r\n                class=\"accordion__body\" \r\n                role=\"region\"\r\n                aria-labelledby=\"accordion-header-post-806\"\r\n                style=\"background:#dfffbf;\"><ul>\n<li>Le referenze collegate durante le proprie attivazioni sono da ritenersi valide ai fini della classifica Hunters.<\/li>\n<\/ul>\n<\/div><\/li><li class=\"accordion__item \"><div class=\"accordion__header \" \r\n                id=\"accordion-header-post-807\"\r\n                role=\"button\"\r\n                aria-expanded=\"false\"\r\n                aria-controls=\"accordion-content-post-807\"\r\n                data-id=\"post-807\" \r\n                data-item=\"hfaq-post-807\" data-slug=\"per-richiedere-il-diploma-devo-essere-in-possesso-delle-qsls\" \r\n                style=\"background:#81d742;\" \r\n                data-tags=\"\"\r\n                tabindex=\"0\"><div class=\"accordion__title\">Per richiedere il Diploma devo essere in possesso delle QSLs?<\/div><\/div><div id=\"accordion-content-post-807\" \r\n                class=\"accordion__body\" \r\n                role=\"region\"\r\n                aria-labelledby=\"accordion-header-post-807\"\r\n                style=\"background:#dfffbf;\"><ul>\n<li>Le <strong>QSLs <\/strong>non sono necessarie in quanto tutti i QSOs sono registrati nel portale https:\/\/www.diplomaradio.it<\/li>\n<li><strong>Non dimentichiamo che la cortesia finale di un QSO \u00e8 sempre la QSL.<\/strong><\/li>\n<li>Si <strong>raccomanda all&#8217;attivatore l&#8217;invio delle QSLs via bureau<\/strong>, indipendentemente dal fatto di aver ricevuto, o meno, richiesta.<\/li>\n<li>E\u2019 naturalmente possibile riportare sulla QSL pi\u00f9 collegamenti e pi\u00f9 referenze.<\/li>\n<\/ul>\n<\/div><\/li><li class=\"accordion__item \"><div class=\"accordion__header \" \r\n                id=\"accordion-header-post-808\"\r\n                role=\"button\"\r\n                aria-expanded=\"false\"\r\n                aria-controls=\"accordion-content-post-808\"\r\n                data-id=\"post-808\" \r\n                data-item=\"hfaq-post-808\" data-slug=\"sono-gia-in-possesso-del-diploma-i-f-f-a-operatore-con-relativo-sticker-della-regione-attivata-posso-richiedere-gli-altri-stickers-e-partecipare-alla-classifica-hunters\" \r\n                style=\"background:#81d742;\" \r\n                data-tags=\"\"\r\n                tabindex=\"0\"><div class=\"accordion__title\">Sono gi\u00e0 in possesso del Diploma I.F.F.A. Operatore con relativo Sticker della regione attivata. Posso richiedere gli altri Stickers e partecipare alla classifica Hunters?<\/div><\/div><div id=\"accordion-content-post-808\" \r\n                class=\"accordion__body\" \r\n                role=\"region\"\r\n                aria-labelledby=\"accordion-header-post-808\"\r\n                style=\"background:#dfffbf;\"><ul>\n<li>Certo, \u00e8 un automatismo gestito dal portale https:\/\/www.diplomaradio.it<\/li>\n<li>Il Diploma Attivatore ed il Diploma Hunter \u00e8 il medesimo e viene rilasciato una volta sola indipendentemente dal tipo.<\/li>\n<\/ul>\n<\/div><\/li><li class=\"accordion__item \"><div class=\"accordion__header \" \r\n                id=\"accordion-header-post-809\"\r\n                role=\"button\"\r\n                aria-expanded=\"false\"\r\n                aria-controls=\"accordion-content-post-809\"\r\n                data-id=\"post-809\" \r\n                data-item=\"hfaq-post-809\" data-slug=\"dovendomi-trasferire-in-modo-permanente-cambio-di-residenza-e-quindi-di-nominativo-da-ik3zzz-a-ik1zzz-le-referenze-da-me-lavorate-e-confermate-hanno-valore-sia-per-il-diploma-che-per-i-successivi-s\" \r\n                style=\"background:#81d742;\" \r\n                data-tags=\"\"\r\n                tabindex=\"0\"><div class=\"accordion__title\">Dovendomi trasferire in modo permanente (cambio di residenza) e quindi di nominativo da IK3ZZZ a IK1ZZZ, le referenze da me lavorate e confermate hanno valore sia per il Diploma che per i successivi stickers?<\/div><\/div><div id=\"accordion-content-post-809\" \r\n                class=\"accordion__body\" \r\n                role=\"region\"\r\n                aria-labelledby=\"accordion-header-post-809\"\r\n                style=\"background:#dfffbf;\"><ul>\n<li>Come per la maggior parte dei Diplomi i QSOs precedentemente effettuati sono cumulabili con il nuovo nominativo (purch\u00e9 il Country di appartenenza rimanga lo stesso).<\/li>\n<\/ul>\n<\/div><\/li><li class=\"accordion__item \"><div class=\"accordion__header \" \r\n                id=\"accordion-header-post-810\"\r\n                role=\"button\"\r\n                aria-expanded=\"false\"\r\n                aria-controls=\"accordion-content-post-810\"\r\n                data-id=\"post-810\" \r\n                data-item=\"hfaq-post-810\" data-slug=\"un-hunter-puo-effettuare-qso-utilizzando-una-stazione-in-controllo-remoto\" \r\n                style=\"background:#81d742;\" \r\n                data-tags=\"\"\r\n                tabindex=\"0\"><div class=\"accordion__title\">Un Hunter pu\u00f2 effettuare QSO utilizzando una stazione in controllo remoto?<\/div><\/div><div id=\"accordion-content-post-810\" \r\n                class=\"accordion__body\" \r\n                role=\"region\"\r\n                aria-labelledby=\"accordion-header-post-810\"\r\n                style=\"background:#dfffbf;\"><ul>\n<li><strong>Certo<\/strong>. La legge attuale impone che la stazione sia situata nel luogo di residenza o domicilio del radioamatore e che questa collocazione sia conosciuta dall&#8217;Ispettorato Territoriale competente.<\/li>\n<li>In ogni caso la stazione remota non \u00e8, legislativamente parlando, assimilabile a una stazione automatica o ripetitore o non presidiata, dato che l&#8217;hunter ha il pieno controllo e gestisce da solo le comunicazioni originate dalla sua stazione (anche se non fisicamente presente).<\/li>\n<li>I QSOs da stazioni operanti in remoto saranno quindi accettati, in tal caso l\u2019hunter pu\u00f2 operare al di fuori dell&#8217;area della stazione remota collegato <strong>alla propria stazione<\/strong> tramite un &#8220;terminale di controllo remoto&#8221; e non quella di altri).<\/li>\n<\/ul>\n<\/div><\/li><li class=\"accordion__item \"><div class=\"accordion__header \" \r\n                id=\"accordion-header-post-1509\"\r\n                role=\"button\"\r\n                aria-expanded=\"false\"\r\n                aria-controls=\"accordion-content-post-1509\"\r\n                data-id=\"post-1509\" \r\n                data-item=\"hfaq-post-1509\" data-slug=\"chi-esegue-lupload-delle-referenze-iffa-nel-sito-del-wwff\" \r\n                style=\"background:#81d742;\" \r\n                data-tags=\"\"\r\n                tabindex=\"0\"><div class=\"accordion__title\">Chi esegue l\u2019upload delle referenze IFFA nel sito del WWFF?<\/div><\/div><div id=\"accordion-content-post-1509\" \r\n                class=\"accordion__body\" \r\n                role=\"region\"\r\n                aria-labelledby=\"accordion-header-post-1509\"\r\n                style=\"background:#dfffbf;\"><ul>\n<li>A convalida avvenuta sar\u00e0 cura dell&#8217;Award Manager IFFA effettuare l\u2019upload nel portale del Diploma Internazionale <strong>WWFF<\/strong> (World Wide Flora &amp; Fauna) https:\/\/wwff.co<\/li>\n<\/ul>\n<\/div><\/li><li class=\"accordion__item \"><div class=\"accordion__header \" \r\n                id=\"accordion-header-post-1510\"\r\n                role=\"button\"\r\n                aria-expanded=\"false\"\r\n                aria-controls=\"accordion-content-post-1510\"\r\n                data-id=\"post-1510\" \r\n                data-item=\"hfaq-post-1510\" data-slug=\"oltre-ai-20-e-40-metri-che-sono-obbligatori-posso-utilizzare-altre-bande\" \r\n                style=\"background:#81d742;\" \r\n                data-tags=\"\"\r\n                tabindex=\"0\"><div class=\"accordion__title\">Oltre ai 20 e 40 metri che sono obbligatori, posso utilizzare altre bande?<\/div><\/div><div id=\"accordion-content-post-1510\" \r\n                class=\"accordion__body\" \r\n                role=\"region\"\r\n                aria-labelledby=\"accordion-header-post-1510\"\r\n                style=\"background:#dfffbf;\"><ul>\n<li><strong>Certo, <\/strong>considerando gli attuali livelli di propagazione gli attivatori sono caldamente inviati a fare uso anche della banda 80 metri.<\/li>\n<\/ul>\n<\/div><\/li><li class=\"accordion__item \"><div class=\"accordion__header \" \r\n                id=\"accordion-header-post-1511\"\r\n                role=\"button\"\r\n                aria-expanded=\"false\"\r\n                aria-controls=\"accordion-content-post-1511\"\r\n                data-id=\"post-1511\" \r\n                data-item=\"hfaq-post-1511\" data-slug=\"durante-lattivazione-iffa-posso-abbinare-referenze-di-altri-diplomi\" \r\n                style=\"background:#81d742;\" \r\n                data-tags=\"\"\r\n                tabindex=\"0\"><div class=\"accordion__title\">Durante l\u2019attivazione IFFA posso abbinare referenze di altri Diplomi?<\/div><\/div><div id=\"accordion-content-post-1511\" \r\n                class=\"accordion__body\" \r\n                role=\"region\"\r\n                aria-labelledby=\"accordion-header-post-1511\"\r\n                style=\"background:#dfffbf;\"><ul>\n<li>Il<strong> Diploma IFFA<\/strong> \u00e8 nato il <strong>1 luglio 2009 <\/strong>da una idea di IK1GPG Massimo e IK1QFM Betty ed \u00e8 stato istituito il <strong>1 agosto 2009<\/strong>, data di inizio validit\u00e0 dei QSOs.<\/li>\n<li>Nasce sotto il patrocinio del <strong>WFF<\/strong> (World Flora Fauna) e da novembre 2012 \u00e8 partnership con il Diploma Internazionale <strong>WWFF<\/strong> (World Wide Flora &amp; Fauna) https:\/\/wwff.co di cui i Managers IFFA sono i coordinatori per l\u2019Italia.<\/li>\n<li>Le attivazioni di referenze IFF saranno accreditate automaticamente a cura dell&#8217;Award Manager IFFA al Diploma internazionale WWFF, ma \u00e8 <strong>obbligatorio <\/strong>rispettare le regole del Diploma <strong>F.FA.<\/strong> che hanno valore primario.<\/li>\n<li>Ci\u00f2 premesso, <strong>a far data dal 01\/10\/2022<\/strong>, le attivit\u00e0 <strong>IFF<\/strong> dovranno essere abbinate contemporaneamente con referenze appartenenti ad altri Diplomi di rilevanza Mondiale (<strong>DCI-WCA<\/strong>, <strong>IFF-WWFF<\/strong>, <strong>IIA-IOTA,<\/strong> <strong>WAIL-ARLHS<\/strong>) o di rilevanza Storica, ovvero il <strong>DLI<\/strong> (Diploma Laghi Italiani del 2003) ed il <strong>DAI<\/strong> (Diploma Abbazie Italiane del 2007).<\/li>\n<li><strong>Con decorrenza 15\/09\/2025 <\/strong>potr\u00e0 essere abbinato anche il <strong>POTA <\/strong>(Parks on the Air del 2017).<\/li>\n<li>Non potranno pertanto aver luogo operazioni congiunte con <strong>referenze di altri Diplomi <\/strong>pena la non convalida dell\u2019attivit\u00e0.<\/li>\n<\/ul>\n<\/div><\/li><li class=\"accordion__item \"><div class=\"accordion__header \" \r\n                id=\"accordion-header-post-882\"\r\n                role=\"button\"\r\n                aria-expanded=\"false\"\r\n                aria-controls=\"accordion-content-post-882\"\r\n                data-id=\"post-882\" \r\n                data-item=\"hfaq-post-882\" data-slug=\"oltre-al-programma-google-earth-come-si-puo-creare-il-puntatore-kmz\" \r\n                style=\"background:#81d742;\" \r\n                data-tags=\"\"\r\n                tabindex=\"0\"><div class=\"accordion__title\">Oltre al programma Google Earth come si pu\u00f2 creare il puntatore kmz?<\/div><\/div><div id=\"accordion-content-post-882\" \r\n                class=\"accordion__body\" \r\n                role=\"region\"\r\n                aria-labelledby=\"accordion-header-post-882\"\r\n                style=\"background:#dfffbf;\"><p>Grazie alla app \u201cdiplomaradio\u201d da installare sullo smartphone o sul tablet \u00e8 possibile estrarre, oltre alla foto geo-referenziata, il file .kmz<\/p>\n<p><img loading=\"lazy\" decoding=\"async\" class=\"wp-image-883 aligncenter\" src=\"https:\/\/www.dcia.it\/iffa\/wp-content\/uploads\/2023\/06\/app-diplomaradio-300x89.jpg\" alt=\"\" width=\"401\" height=\"119\" srcset=\"https:\/\/www.dcia.it\/iffa\/wp-content\/uploads\/2023\/06\/app-diplomaradio-300x89.jpg 300w, https:\/\/www.dcia.it\/iffa\/wp-content\/uploads\/2023\/06\/app-diplomaradio-1024x305.jpg 1024w, https:\/\/www.dcia.it\/iffa\/wp-content\/uploads\/2023\/06\/app-diplomaradio-768x229.jpg 768w, https:\/\/www.dcia.it\/iffa\/wp-content\/uploads\/2023\/06\/app-diplomaradio.jpg 1511w\" sizes=\"auto, (max-width: 401px) 100vw, 401px\" \/><\/p>\n<\/div><\/li><li class=\"accordion__item \"><div class=\"accordion__header \" \r\n                id=\"accordion-header-post-898\"\r\n                role=\"button\"\r\n                aria-expanded=\"false\"\r\n                aria-controls=\"accordion-content-post-898\"\r\n                data-id=\"post-898\" \r\n                data-item=\"hfaq-post-898\" data-slug=\"e-possibile-effettuare-unattivazione-in-qrp\" \r\n                style=\"background:#81d742;\" \r\n                data-tags=\"\"\r\n                tabindex=\"0\"><div class=\"accordion__title\">\u00c8 possibile effettuare un\u2019attivazione in QRP?<\/div><\/div><div id=\"accordion-content-post-898\" \r\n                class=\"accordion__body\" \r\n                role=\"region\"\r\n                aria-labelledby=\"accordion-header-post-898\"\r\n                style=\"background:#dfffbf;\"><ul>\n<li>Le attivazioni dichiarate <strong>QRP<\/strong> sono c<strong>onsentite esclusivamente con i presupposti del raggiungimento quorum QSO<\/strong>.<\/li>\n<\/ul>\n<p><strong>La potenza massima utilizzabile<\/strong>, per essere considerata attivit\u00e0 in QRP, <strong>\u00e8 5 Watts<\/strong>; gli amanti del QRP pi\u00f9 temerari tentano talvolta collegamenti a lunga distanza con l&#8217;utilizzo di 1 W o anche meno.<\/p>\n<\/div><\/li><li class=\"accordion__item \"><div class=\"accordion__header \" \r\n                id=\"accordion-header-post-1298\"\r\n                role=\"button\"\r\n                aria-expanded=\"false\"\r\n                aria-controls=\"accordion-content-post-1298\"\r\n                data-id=\"post-1298\" \r\n                data-item=\"hfaq-post-1298\" data-slug=\"se-durante-una-attivazione-sopraggiungono-imprevisti-quali-ad-esempio-eventi-atmosferici-avversi-o-blackout-della-propagazione-senza-aver-raggiunto-il-quorum-dei-qso-come-mi-devo-comportare\" \r\n                style=\"background:#81d742;\" \r\n                data-tags=\"\"\r\n                tabindex=\"0\"><div class=\"accordion__title\">Se durante una attivazione sopraggiungono imprevisti, quali ad esempio eventi atmosferici avversi o blackout della propagazione, senza aver raggiunto il quorum dei QSO, come mi devo comportare?<\/div><\/div><div id=\"accordion-content-post-1298\" \r\n                class=\"accordion__body\" \r\n                role=\"region\"\r\n                aria-labelledby=\"accordion-header-post-1298\"\r\n                style=\"background:#dfffbf;\"><ul>\n<li>\u00c8 necessario avvisare tempestivamente i Managers ed insieme trovare una soluzione ragionevole per comprovare comunque l\u2019attivit\u00e0.<\/li>\n<\/ul>\n<\/div><\/li><\/ul><\/div><\/div><\/article><\/section>\n<p>Views: 771<\/p>","protected":false},"excerpt":{"rendered":"<p>Domande e Risposte sul Diploma e sul Regolamento. Views: 771<\/p>\n","protected":false},"author":3,"featured_media":0,"parent":0,"menu_order":0,"comment_status":"closed","ping_status":"closed","template":"","meta":{"footnotes":""},"class_list":["post-746","page","type-page","status-publish","hentry"],"_links":{"self":[{"href":"https:\/\/www.dcia.it\/iffa\/wp-json\/wp\/v2\/pages\/746","targetHints":{"allow":["GET"]}}],"collection":[{"href":"https:\/\/www.dcia.it\/iffa\/wp-json\/wp\/v2\/pages"}],"about":[{"href":"https:\/\/www.dcia.it\/iffa\/wp-json\/wp\/v2\/types\/page"}],"author":[{"embeddable":true,"href":"https:\/\/www.dcia.it\/iffa\/wp-json\/wp\/v2\/users\/3"}],"replies":[{"embeddable":true,"href":"https:\/\/www.dcia.it\/iffa\/wp-json\/wp\/v2\/comments?post=746"}],"version-history":[{"count":2,"href":"https:\/\/www.dcia.it\/iffa\/wp-json\/wp\/v2\/pages\/746\/revisions"}],"predecessor-version":[{"id":781,"href":"https:\/\/www.dcia.it\/iffa\/wp-json\/wp\/v2\/pages\/746\/revisions\/781"}],"wp:attachment":[{"href":"https:\/\/www.dcia.it\/iffa\/wp-json\/wp\/v2\/media?parent=746"}],"curies":[{"name":"wp","href":"https:\/\/api.w.org\/{rel}","templated":true}]}}